{"id":3898,"date":"2016-10-02T15:43:10","date_gmt":"2016-10-02T15:43:10","guid":{"rendered":"http:\/\/emser.es\/?page_id=3898"},"modified":"2019-10-02T11:17:09","modified_gmt":"2019-10-02T11:17:09","slug":"portfolio","status":"publish","type":"page","link":"https:\/\/emser.es\/en\/portfolio\/","title":{"rendered":"Portfolio"},"content":{"rendered":"<\/div><\/div><\/div><!-- close content main div --><\/div><\/div><div id='av-layout-grid-1' class='av-layout-grid-container entry-content-wrapper main_color av-flex-cells    container_wrap fullsize'   >\n<div class=\"flex_cell no_margin av_one_full\" style='vertical-align:top; padding:30px; '><div class='flex_cell_inner' ><p><div class='sort_width_container  av-sort-yes' data-portfolio-id='1' ><div id='js_sort_items' ><div class='sort_by_cat hidden'><a href=\"#\" data-filter=\"all_sort\" class=\"all_sort_button active_sort\"><span class=\"inner_sort_button\"><span>All<\/span><small class=\"av-cat-count\"> 23 <\/small><\/span><\/a><span class='text-sep casos-de-exito_sort_sep'>\/<\/span><a href=\"#\" data-filter=\"casos-de-exito_sort\" class=\"casos-de-exito_sort_button\" ><span class=\"inner_sort_button\"><span>successful cases<\/span><small class='av-cat-count'> 23 <\/small><\/span><\/a><\/div><\/div><\/div><div class='grid-sort-container isotope   no_margin-container with-excerpt-container grid-total-odd grid-col-3 grid-links-' data-portfolio-id='1'><div data-ajax-id='5796' class='grid-entry flex_column isotope-item all_sort no_margin post-entry post-entry-5796 grid-entry-overview grid-loop-1 grid-parity-odd  casos-de-exito_sort telecomunicaciones_sort  av_one_third first default_av_fullwidth'><article class='main_color inner-entry'  itemscope=\"itemscope\" itemtype=\"https:\/\/schema.org\/CreativeWork\" ><a href='https:\/\/emser.es\/en\/portfolio-item\/instalacion-de-infraestructura-comun-para-la-carga-de-vehiculos-electricos\/' title='Instalaci\u00f3n de infraestructura com\u00fan para la carga de veh\u00edculos el\u00e9ctricos.'  data-rel='grid-1' class='grid-image avia-hover-fx'><noscript><img width=\"495\" height=\"400\" src=\"https:\/\/emser.es\/wp-content\/uploads\/2025\/02\/20240220_131105-min-495x400.jpg\" class=\"attachment-portfolio size-portfolio wp-post-image\" alt loading=\"lazy\" srcset=\"https:\/\/emser.es\/wp-content\/uploads\/2025\/02\/20240220_131105-min-495x400.jpg 495w, https:\/\/emser.es\/wp-content\/uploads\/2025\/02\/20240220_131105-min-16x12.jpg 16w, https:\/\/emser.es\/wp-content\/uploads\/2025\/02\/20240220_131105-min-845x684.jpg 845w\" sizes=\"(max-width: 495px) 100vw, 495px\"><\/noscript><img width=\"495\" height=\"400\" src=\"data:image\/svg+xml,%3Csvg%20xmlns%3D%22http%3A%2F%2Fwww.w3.org%2F2000%2Fsvg%22%20viewBox%3D%220%200%20495%20400%22%3E%3C%2Fsvg%3E\" class=\"attachment-portfolio size-portfolio wp-post-image lazyload\" alt loading=\"lazy\" srcset=\"data:image\/svg+xml,%3Csvg%20xmlns%3D%22http%3A%2F%2Fwww.w3.org%2F2000%2Fsvg%22%20viewBox%3D%220%200%20495%20400%22%3E%3C%2Fsvg%3E 495w\" sizes=\"(max-width: 495px) 100vw, 495px\" data-srcset=\"https:\/\/emser.es\/wp-content\/uploads\/2025\/02\/20240220_131105-min-495x400.jpg 495w, https:\/\/emser.es\/wp-content\/uploads\/2025\/02\/20240220_131105-min-16x12.jpg 16w, https:\/\/emser.es\/wp-content\/uploads\/2025\/02\/20240220_131105-min-845x684.jpg 845w\" data-src=\"https:\/\/emser.es\/wp-content\/uploads\/2025\/02\/20240220_131105-min-495x400.jpg\"><\/a><div class='grid-content'><div class='avia-arrow'><\/div><header class=\"entry-content-header\"><h3 class='grid-entry-title entry-title'  itemprop=\"headline\" ><a href='https:\/\/emser.es\/en\/portfolio-item\/instalacion-de-infraestructura-comun-para-la-carga-de-vehiculos-electricos\/' title='Instalaci\u00f3n de infraestructura com\u00fan para la carga de veh\u00edculos el\u00e9ctricos.'>Instalaci\u00f3n de infraestructura com\u00fan para la carga de veh\u00edculos el\u00e9ctricos.<\/a><\/h3><\/header><\/div><footer class=\"entry-footer\"><\/footer><\/article><\/div><div data-ajax-id='5794' class='grid-entry flex_column isotope-item all_sort no_margin post-entry post-entry-5794 grid-entry-overview grid-loop-2 grid-parity-even  casos-de-exito_sort telecomunicaciones_sort  av_one_third  default_av_fullwidth'><article class='main_color inner-entry'  itemscope=\"itemscope\" itemtype=\"https:\/\/schema.org\/CreativeWork\" ><a href='https:\/\/emser.es\/en\/portfolio-item\/instalacion-y-legalizacion-de-la-instalacion-electrica\/' title='Instalaci\u00f3n y legalizaci\u00f3n de la instalaci\u00f3n el\u00e9ctrica.'  data-rel='grid-1' class='grid-image avia-hover-fx'><noscript><img width=\"495\" height=\"400\" src=\"https:\/\/emser.es\/wp-content\/uploads\/2021\/12\/20210407_103030-495x400.jpg\" class=\"attachment-portfolio size-portfolio wp-post-image\" alt loading=\"lazy\" srcset=\"https:\/\/emser.es\/wp-content\/uploads\/2021\/12\/20210407_103030-495x400.jpg 495w, https:\/\/emser.es\/wp-content\/uploads\/2021\/12\/20210407_103030-845x684.jpg 845w\" sizes=\"(max-width: 495px) 100vw, 495px\"><\/noscript><img width=\"495\" height=\"400\" src=\"data:image\/svg+xml,%3Csvg%20xmlns%3D%22http%3A%2F%2Fwww.w3.org%2F2000%2Fsvg%22%20viewBox%3D%220%200%20495%20400%22%3E%3C%2Fsvg%3E\" class=\"attachment-portfolio size-portfolio wp-post-image lazyload\" alt loading=\"lazy\" srcset=\"data:image\/svg+xml,%3Csvg%20xmlns%3D%22http%3A%2F%2Fwww.w3.org%2F2000%2Fsvg%22%20viewBox%3D%220%200%20495%20400%22%3E%3C%2Fsvg%3E 495w\" sizes=\"(max-width: 495px) 100vw, 495px\" data-srcset=\"https:\/\/emser.es\/wp-content\/uploads\/2021\/12\/20210407_103030-495x400.jpg 495w, https:\/\/emser.es\/wp-content\/uploads\/2021\/12\/20210407_103030-845x684.jpg 845w\" data-src=\"https:\/\/emser.es\/wp-content\/uploads\/2021\/12\/20210407_103030-495x400.jpg\"><\/a><div class='grid-content'><div class='avia-arrow'><\/div><header class=\"entry-content-header\"><h3 class='grid-entry-title entry-title'  itemprop=\"headline\" ><a href='https:\/\/emser.es\/en\/portfolio-item\/instalacion-y-legalizacion-de-la-instalacion-electrica\/' title='Instalaci\u00f3n y legalizaci\u00f3n de la instalaci\u00f3n el\u00e9ctrica.'>Instalaci\u00f3n y legalizaci\u00f3n de la instalaci\u00f3n el\u00e9ctrica.<\/a><\/h3><\/header><\/div><footer class=\"entry-footer\"><\/footer><\/article><\/div><div data-ajax-id='5783' class='grid-entry flex_column isotope-item all_sort no_margin post-entry post-entry-5783 grid-entry-overview grid-loop-3 grid-parity-odd  casos-de-exito_sort telecomunicaciones_sort  av_one_third  default_av_fullwidth'><article class='main_color inner-entry'  itemscope=\"itemscope\" itemtype=\"https:\/\/schema.org\/CreativeWork\" ><a href='https:\/\/emser.es\/en\/portfolio-item\/instalacion-de-2-cargadores-de-vehiculo-electrico-en-el-hotel-catalonia-de-sabadell\/' title='Instalaci\u00f3n de 2 cargadores de veh\u00edculo el\u00e9ctrico, en el Hotel Catalonia de Sabadell.'  data-rel='grid-1' class='grid-image avia-hover-fx'><noscript><img width=\"495\" height=\"400\" src=\"https:\/\/emser.es\/wp-content\/uploads\/2021\/12\/20211124_174559-495x400.jpg\" class=\"attachment-portfolio size-portfolio wp-post-image\" alt loading=\"lazy\" srcset=\"https:\/\/emser.es\/wp-content\/uploads\/2021\/12\/20211124_174559-495x400.jpg 495w, https:\/\/emser.es\/wp-content\/uploads\/2021\/12\/20211124_174559-845x684.jpg 845w\" sizes=\"(max-width: 495px) 100vw, 495px\"><\/noscript><img width=\"495\" height=\"400\" src=\"data:image\/svg+xml,%3Csvg%20xmlns%3D%22http%3A%2F%2Fwww.w3.org%2F2000%2Fsvg%22%20viewBox%3D%220%200%20495%20400%22%3E%3C%2Fsvg%3E\" class=\"attachment-portfolio size-portfolio wp-post-image lazyload\" alt loading=\"lazy\" srcset=\"data:image\/svg+xml,%3Csvg%20xmlns%3D%22http%3A%2F%2Fwww.w3.org%2F2000%2Fsvg%22%20viewBox%3D%220%200%20495%20400%22%3E%3C%2Fsvg%3E 495w\" sizes=\"(max-width: 495px) 100vw, 495px\" data-srcset=\"https:\/\/emser.es\/wp-content\/uploads\/2021\/12\/20211124_174559-495x400.jpg 495w, https:\/\/emser.es\/wp-content\/uploads\/2021\/12\/20211124_174559-845x684.jpg 845w\" data-src=\"https:\/\/emser.es\/wp-content\/uploads\/2021\/12\/20211124_174559-495x400.jpg\"><\/a><div class='grid-content'><div class='avia-arrow'><\/div><header class=\"entry-content-header\"><h3 class='grid-entry-title entry-title'  itemprop=\"headline\" ><a href='https:\/\/emser.es\/en\/portfolio-item\/instalacion-de-2-cargadores-de-vehiculo-electrico-en-el-hotel-catalonia-de-sabadell\/' title='Instalaci\u00f3n de 2 cargadores de veh\u00edculo el\u00e9ctrico, en el Hotel Catalonia de Sabadell.'>Instalaci\u00f3n de 2 cargadores de veh\u00edculo el\u00e9ctrico, en el Hotel Catalonia de Sabadell.<\/a><\/h3><\/header><\/div><footer class=\"entry-footer\"><\/footer><\/article><\/div><div data-ajax-id='5763' class='grid-entry flex_column isotope-item all_sort no_margin post-entry post-entry-5763 grid-entry-overview grid-loop-4 grid-parity-even  casos-de-exito_sort telecomunicaciones_sort  av_one_third first default_av_fullwidth'><article class='main_color inner-entry'  itemscope=\"itemscope\" itemtype=\"https:\/\/schema.org\/CreativeWork\" ><a href='https:\/\/emser.es\/en\/portfolio-item\/instalacion-fotovoltaica-de-autoconsumo-en-el-municipio-de-montclar\/' title='Instalaci\u00f3n fotovoltaica de autoconsumo en el municipio de Montclar.'  data-rel='grid-1' class='grid-image avia-hover-fx'><noscript><img width=\"495\" height=\"400\" src=\"https:\/\/emser.es\/wp-content\/uploads\/2021\/10\/20211014_103901-495x400.jpg\" class=\"attachment-portfolio size-portfolio wp-post-image\" alt loading=\"lazy\" srcset=\"https:\/\/emser.es\/wp-content\/uploads\/2021\/10\/20211014_103901-495x400.jpg 495w, https:\/\/emser.es\/wp-content\/uploads\/2021\/10\/20211014_103901-845x684.jpg 845w\" sizes=\"(max-width: 495px) 100vw, 495px\"><\/noscript><img width=\"495\" height=\"400\" src=\"data:image\/svg+xml,%3Csvg%20xmlns%3D%22http%3A%2F%2Fwww.w3.org%2F2000%2Fsvg%22%20viewBox%3D%220%200%20495%20400%22%3E%3C%2Fsvg%3E\" class=\"attachment-portfolio size-portfolio wp-post-image lazyload\" alt loading=\"lazy\" srcset=\"data:image\/svg+xml,%3Csvg%20xmlns%3D%22http%3A%2F%2Fwww.w3.org%2F2000%2Fsvg%22%20viewBox%3D%220%200%20495%20400%22%3E%3C%2Fsvg%3E 495w\" sizes=\"(max-width: 495px) 100vw, 495px\" data-srcset=\"https:\/\/emser.es\/wp-content\/uploads\/2021\/10\/20211014_103901-495x400.jpg 495w, https:\/\/emser.es\/wp-content\/uploads\/2021\/10\/20211014_103901-845x684.jpg 845w\" data-src=\"https:\/\/emser.es\/wp-content\/uploads\/2021\/10\/20211014_103901-495x400.jpg\"><\/a><div class='grid-content'><div class='avia-arrow'><\/div><header class=\"entry-content-header\"><h3 class='grid-entry-title entry-title'  itemprop=\"headline\" ><a href='https:\/\/emser.es\/en\/portfolio-item\/instalacion-fotovoltaica-de-autoconsumo-en-el-municipio-de-montclar\/' title='Instalaci\u00f3n fotovoltaica de autoconsumo en el municipio de Montclar.'>Instalaci\u00f3n fotovoltaica de autoconsumo en el municipio de Montclar.<\/a><\/h3><\/header><\/div><footer class=\"entry-footer\"><\/footer><\/article><\/div><div data-ajax-id='5579' class='grid-entry flex_column isotope-item all_sort no_margin post-entry post-entry-5579 grid-entry-overview grid-loop-5 grid-parity-odd  casos-de-exito_sort telecomunicaciones_sort  av_one_third  default_av_fullwidth'><article class='main_color inner-entry'  itemscope=\"itemscope\" itemtype=\"https:\/\/schema.org\/CreativeWork\" ><a href='https:\/\/emser.es\/en\/portfolio-item\/wifi4eu-en-el-municipio-de-almoster\/' title='WIFI4EU en el municipio de Almoster.'  data-rel='grid-1' class='grid-image avia-hover-fx'><noscript><img width=\"495\" height=\"400\" src=\"https:\/\/emser.es\/wp-content\/uploads\/2021\/05\/fa\u00e7ana-ajuntament-495x400.jpeg\" class=\"attachment-portfolio size-portfolio wp-post-image\" alt loading=\"lazy\" srcset=\"https:\/\/emser.es\/wp-content\/uploads\/2021\/05\/fa\u00e7ana-ajuntament-495x400.jpeg 495w, https:\/\/emser.es\/wp-content\/uploads\/2021\/05\/fa\u00e7ana-ajuntament-845x684.jpeg 845w\" sizes=\"(max-width: 495px) 100vw, 495px\"><\/noscript><img width=\"495\" height=\"400\" src=\"data:image\/svg+xml,%3Csvg%20xmlns%3D%22http%3A%2F%2Fwww.w3.org%2F2000%2Fsvg%22%20viewBox%3D%220%200%20495%20400%22%3E%3C%2Fsvg%3E\" class=\"attachment-portfolio size-portfolio wp-post-image lazyload\" alt loading=\"lazy\" srcset=\"data:image\/svg+xml,%3Csvg%20xmlns%3D%22http%3A%2F%2Fwww.w3.org%2F2000%2Fsvg%22%20viewBox%3D%220%200%20495%20400%22%3E%3C%2Fsvg%3E 495w\" sizes=\"(max-width: 495px) 100vw, 495px\" data-srcset=\"https:\/\/emser.es\/wp-content\/uploads\/2021\/05\/fa\u00e7ana-ajuntament-495x400.jpeg 495w, https:\/\/emser.es\/wp-content\/uploads\/2021\/05\/fa\u00e7ana-ajuntament-845x684.jpeg 845w\" data-src=\"https:\/\/emser.es\/wp-content\/uploads\/2021\/05\/fa\u00e7ana-ajuntament-495x400.jpeg\"><\/a><div class='grid-content'><div class='avia-arrow'><\/div><header class=\"entry-content-header\"><h3 class='grid-entry-title entry-title'  itemprop=\"headline\" ><a href='https:\/\/emser.es\/en\/portfolio-item\/wifi4eu-en-el-municipio-de-almoster\/' title='WIFI4EU en el municipio de Almoster.'>WIFI4EU en el municipio de Almoster.<\/a><\/h3><\/header><\/div><footer class=\"entry-footer\"><\/footer><\/article><\/div><div data-ajax-id='5437' class='grid-entry flex_column isotope-item all_sort no_margin post-entry post-entry-5437 grid-entry-overview grid-loop-6 grid-parity-even  casos-de-exito_sort telecomunicaciones_sort  av_one_third  default_av_fullwidth'><article class='main_color inner-entry'  itemscope=\"itemscope\" itemtype=\"https:\/\/schema.org\/CreativeWork\" ><a href='https:\/\/emser.es\/en\/portfolio-item\/infraestructura-para-dotar-de-instalaciones-electricas-y-tic-a-linstitut-tecnologic-de-barcelona-itb\/' title='Infraestructura para dotar de instalaciones el\u00e9ctricas y tic a l\u2019institut tecnol\u00f2gic de Barcelona (ITB).'  data-rel='grid-1' class='grid-image avia-hover-fx'><noscript><img width=\"495\" height=\"400\" src=\"https:\/\/emser.es\/wp-content\/uploads\/2019\/10\/IMG_20190831_082613-495x400.jpg\" class=\"attachment-portfolio size-portfolio wp-post-image\" alt loading=\"lazy\" srcset=\"https:\/\/emser.es\/wp-content\/uploads\/2019\/10\/IMG_20190831_082613-495x400.jpg 495w, https:\/\/emser.es\/wp-content\/uploads\/2019\/10\/IMG_20190831_082613-845x684.jpg 845w\" sizes=\"(max-width: 495px) 100vw, 495px\"><\/noscript><img width=\"495\" height=\"400\" src=\"data:image\/svg+xml,%3Csvg%20xmlns%3D%22http%3A%2F%2Fwww.w3.org%2F2000%2Fsvg%22%20viewBox%3D%220%200%20495%20400%22%3E%3C%2Fsvg%3E\" class=\"attachment-portfolio size-portfolio wp-post-image lazyload\" alt loading=\"lazy\" srcset=\"data:image\/svg+xml,%3Csvg%20xmlns%3D%22http%3A%2F%2Fwww.w3.org%2F2000%2Fsvg%22%20viewBox%3D%220%200%20495%20400%22%3E%3C%2Fsvg%3E 495w\" sizes=\"(max-width: 495px) 100vw, 495px\" data-srcset=\"https:\/\/emser.es\/wp-content\/uploads\/2019\/10\/IMG_20190831_082613-495x400.jpg 495w, https:\/\/emser.es\/wp-content\/uploads\/2019\/10\/IMG_20190831_082613-845x684.jpg 845w\" data-src=\"https:\/\/emser.es\/wp-content\/uploads\/2019\/10\/IMG_20190831_082613-495x400.jpg\"><\/a><div class='grid-content'><div class='avia-arrow'><\/div><header class=\"entry-content-header\"><h3 class='grid-entry-title entry-title'  itemprop=\"headline\" ><a href='https:\/\/emser.es\/en\/portfolio-item\/infraestructura-para-dotar-de-instalaciones-electricas-y-tic-a-linstitut-tecnologic-de-barcelona-itb\/' title='Infraestructura para dotar de instalaciones el\u00e9ctricas y tic a l\u2019institut tecnol\u00f2gic de Barcelona (ITB).'>Infraestructura para dotar de instalaciones el\u00e9ctricas y tic a l\u2019institut tecnol\u00f2gic de Barcelona (ITB).<\/a><\/h3><\/header><\/div><footer class=\"entry-footer\"><\/footer><\/article><\/div><div data-ajax-id='5332' class='grid-entry flex_column isotope-item all_sort no_margin post-entry post-entry-5332 grid-entry-overview grid-loop-7 grid-parity-odd  casos-de-exito_sort telecomunicaciones_sort  av_one_third first default_av_fullwidth'><article class='main_color inner-entry'  itemscope=\"itemscope\" itemtype=\"https:\/\/schema.org\/CreativeWork\" ><a href='https:\/\/emser.es\/en\/portfolio-item\/redundancia-de-la-red-hospital-de-la-santa-creu-i-sant-pau\/' title='Redundancia de la red de fibra \u00f3ptica del hospital de la Santa Creu i Sant Pau.'  data-rel='grid-1' class='grid-image avia-hover-fx'><noscript><img width=\"495\" height=\"400\" src=\"https:\/\/emser.es\/wp-content\/uploads\/2019\/10\/Fachada-495x400.jpg\" class=\"attachment-portfolio size-portfolio wp-post-image\" alt loading=\"lazy\" srcset=\"https:\/\/emser.es\/wp-content\/uploads\/2019\/10\/Fachada-495x400.jpg 495w, https:\/\/emser.es\/wp-content\/uploads\/2019\/10\/Fachada-845x684.jpg 845w\" sizes=\"(max-width: 495px) 100vw, 495px\"><\/noscript><img width=\"495\" height=\"400\" src=\"data:image\/svg+xml,%3Csvg%20xmlns%3D%22http%3A%2F%2Fwww.w3.org%2F2000%2Fsvg%22%20viewBox%3D%220%200%20495%20400%22%3E%3C%2Fsvg%3E\" class=\"attachment-portfolio size-portfolio wp-post-image lazyload\" alt loading=\"lazy\" srcset=\"data:image\/svg+xml,%3Csvg%20xmlns%3D%22http%3A%2F%2Fwww.w3.org%2F2000%2Fsvg%22%20viewBox%3D%220%200%20495%20400%22%3E%3C%2Fsvg%3E 495w\" sizes=\"(max-width: 495px) 100vw, 495px\" data-srcset=\"https:\/\/emser.es\/wp-content\/uploads\/2019\/10\/Fachada-495x400.jpg 495w, https:\/\/emser.es\/wp-content\/uploads\/2019\/10\/Fachada-845x684.jpg 845w\" data-src=\"https:\/\/emser.es\/wp-content\/uploads\/2019\/10\/Fachada-495x400.jpg\"><\/a><div class='grid-content'><div class='avia-arrow'><\/div><header class=\"entry-content-header\"><h3 class='grid-entry-title entry-title'  itemprop=\"headline\" ><a href='https:\/\/emser.es\/en\/portfolio-item\/redundancia-de-la-red-hospital-de-la-santa-creu-i-sant-pau\/' title='Redundancia de la red de fibra \u00f3ptica del hospital de la Santa Creu i Sant Pau.'>Redundancia de la red de fibra \u00f3ptica del hospital de la Santa Creu i Sant Pau.<\/a><\/h3><\/header><\/div><footer class=\"entry-footer\"><\/footer><\/article><\/div><div data-ajax-id='5239' class='grid-entry flex_column isotope-item all_sort no_margin post-entry post-entry-5239 grid-entry-overview grid-loop-8 grid-parity-even  casos-de-exito_sort industrial_sort  av_one_third  default_av_fullwidth'><article class='main_color inner-entry'  itemscope=\"itemscope\" itemtype=\"https:\/\/schema.org\/CreativeWork\" ><a href='https:\/\/emser.es\/en\/portfolio-item\/monitorizacion-energetica-sede-federal-mogul-badalona\/' title='Monitorizaci\u00f3n energ\u00e9tica sede federal Mogul Badalona.'  data-rel='grid-1' class='grid-image avia-hover-fx'><noscript><img width=\"495\" height=\"400\" src=\"https:\/\/emser.es\/wp-content\/uploads\/2019\/06\/monitorizacion-mogul-3-495x400.jpg\" class=\"attachment-portfolio size-portfolio wp-post-image\" alt loading=\"lazy\" srcset=\"https:\/\/emser.es\/wp-content\/uploads\/2019\/06\/monitorizacion-mogul-3-495x400.jpg 495w, https:\/\/emser.es\/wp-content\/uploads\/2019\/06\/monitorizacion-mogul-3-845x684.jpg 845w\" sizes=\"(max-width: 495px) 100vw, 495px\"><\/noscript><img width=\"495\" height=\"400\" src=\"data:image\/svg+xml,%3Csvg%20xmlns%3D%22http%3A%2F%2Fwww.w3.org%2F2000%2Fsvg%22%20viewBox%3D%220%200%20495%20400%22%3E%3C%2Fsvg%3E\" class=\"attachment-portfolio size-portfolio wp-post-image lazyload\" alt loading=\"lazy\" srcset=\"data:image\/svg+xml,%3Csvg%20xmlns%3D%22http%3A%2F%2Fwww.w3.org%2F2000%2Fsvg%22%20viewBox%3D%220%200%20495%20400%22%3E%3C%2Fsvg%3E 495w\" sizes=\"(max-width: 495px) 100vw, 495px\" data-srcset=\"https:\/\/emser.es\/wp-content\/uploads\/2019\/06\/monitorizacion-mogul-3-495x400.jpg 495w, https:\/\/emser.es\/wp-content\/uploads\/2019\/06\/monitorizacion-mogul-3-845x684.jpg 845w\" data-src=\"https:\/\/emser.es\/wp-content\/uploads\/2019\/06\/monitorizacion-mogul-3-495x400.jpg\"><\/a><div class='grid-content'><div class='avia-arrow'><\/div><header class=\"entry-content-header\"><h3 class='grid-entry-title entry-title'  itemprop=\"headline\" ><a href='https:\/\/emser.es\/en\/portfolio-item\/monitorizacion-energetica-sede-federal-mogul-badalona\/' title='Monitorizaci\u00f3n energ\u00e9tica sede federal Mogul Badalona.'>Monitorizaci\u00f3n energ\u00e9tica sede federal Mogul Badalona.<\/a><\/h3><\/header><\/div><footer class=\"entry-footer\"><\/footer><\/article><\/div><div data-ajax-id='5232' class='grid-entry flex_column isotope-item all_sort no_margin post-entry post-entry-5232 grid-entry-overview grid-loop-9 grid-parity-odd  casos-de-exito_sort industrial_sort  av_one_third  default_av_fullwidth'><article class='main_color inner-entry'  itemscope=\"itemscope\" itemtype=\"https:\/\/schema.org\/CreativeWork\" ><a href='https:\/\/emser.es\/en\/portfolio-item\/monitorizacion-del-training-center-de-baxi-sede-en-castellbisbal\/' title='Monitorizaci\u00f3n del training center de Baxi, sede en Castellbisbal.'  data-rel='grid-1' class='grid-image avia-hover-fx'><noscript><img width=\"495\" height=\"400\" src=\"https:\/\/emser.es\/wp-content\/uploads\/2019\/06\/monitorizacion-tc-1-495x400.jpg\" class=\"attachment-portfolio size-portfolio wp-post-image\" alt loading=\"lazy\" srcset=\"https:\/\/emser.es\/wp-content\/uploads\/2019\/06\/monitorizacion-tc-1-495x400.jpg 495w, https:\/\/emser.es\/wp-content\/uploads\/2019\/06\/monitorizacion-tc-1-845x684.jpg 845w\" sizes=\"(max-width: 495px) 100vw, 495px\"><\/noscript><img width=\"495\" height=\"400\" src=\"data:image\/svg+xml,%3Csvg%20xmlns%3D%22http%3A%2F%2Fwww.w3.org%2F2000%2Fsvg%22%20viewBox%3D%220%200%20495%20400%22%3E%3C%2Fsvg%3E\" class=\"attachment-portfolio size-portfolio wp-post-image lazyload\" alt loading=\"lazy\" srcset=\"data:image\/svg+xml,%3Csvg%20xmlns%3D%22http%3A%2F%2Fwww.w3.org%2F2000%2Fsvg%22%20viewBox%3D%220%200%20495%20400%22%3E%3C%2Fsvg%3E 495w\" sizes=\"(max-width: 495px) 100vw, 495px\" data-srcset=\"https:\/\/emser.es\/wp-content\/uploads\/2019\/06\/monitorizacion-tc-1-495x400.jpg 495w, https:\/\/emser.es\/wp-content\/uploads\/2019\/06\/monitorizacion-tc-1-845x684.jpg 845w\" data-src=\"https:\/\/emser.es\/wp-content\/uploads\/2019\/06\/monitorizacion-tc-1-495x400.jpg\"><\/a><div class='grid-content'><div class='avia-arrow'><\/div><header class=\"entry-content-header\"><h3 class='grid-entry-title entry-title'  itemprop=\"headline\" ><a href='https:\/\/emser.es\/en\/portfolio-item\/monitorizacion-del-training-center-de-baxi-sede-en-castellbisbal\/' title='Monitorizaci\u00f3n del training center de Baxi, sede en Castellbisbal.'>Monitorizaci\u00f3n del training center de Baxi, sede en Castellbisbal.<\/a><\/h3><\/header><\/div><footer class=\"entry-footer\"><\/footer><\/article><\/div><div data-ajax-id='5221' class='grid-entry flex_column isotope-item all_sort no_margin post-entry post-entry-5221 grid-entry-overview grid-loop-10 grid-parity-even  casos-de-exito_sort telecomunicaciones_sort  av_one_third first default_av_fullwidth'><article class='main_color inner-entry'  itemscope=\"itemscope\" itemtype=\"https:\/\/schema.org\/CreativeWork\" ><a href='https:\/\/emser.es\/en\/portfolio-item\/red-pol-hotel-montarto-baqueira\/' title='Red POL hotel Montarto Baqueira.'  data-rel='grid-1' class='grid-image avia-hover-fx'><noscript><img width=\"495\" height=\"400\" src=\"https:\/\/emser.es\/wp-content\/uploads\/2019\/06\/hotel-montarto-1-495x400.jpg\" class=\"attachment-portfolio size-portfolio wp-post-image\" alt loading=\"lazy\" srcset=\"https:\/\/emser.es\/wp-content\/uploads\/2019\/06\/hotel-montarto-1-495x400.jpg 495w, https:\/\/emser.es\/wp-content\/uploads\/2019\/06\/hotel-montarto-1-845x684.jpg 845w\" sizes=\"(max-width: 495px) 100vw, 495px\"><\/noscript><img width=\"495\" height=\"400\" src=\"data:image\/svg+xml,%3Csvg%20xmlns%3D%22http%3A%2F%2Fwww.w3.org%2F2000%2Fsvg%22%20viewBox%3D%220%200%20495%20400%22%3E%3C%2Fsvg%3E\" class=\"attachment-portfolio size-portfolio wp-post-image lazyload\" alt loading=\"lazy\" srcset=\"data:image\/svg+xml,%3Csvg%20xmlns%3D%22http%3A%2F%2Fwww.w3.org%2F2000%2Fsvg%22%20viewBox%3D%220%200%20495%20400%22%3E%3C%2Fsvg%3E 495w\" sizes=\"(max-width: 495px) 100vw, 495px\" data-srcset=\"https:\/\/emser.es\/wp-content\/uploads\/2019\/06\/hotel-montarto-1-495x400.jpg 495w, https:\/\/emser.es\/wp-content\/uploads\/2019\/06\/hotel-montarto-1-845x684.jpg 845w\" data-src=\"https:\/\/emser.es\/wp-content\/uploads\/2019\/06\/hotel-montarto-1-495x400.jpg\"><\/a><div class='grid-content'><div class='avia-arrow'><\/div><header class=\"entry-content-header\"><h3 class='grid-entry-title entry-title'  itemprop=\"headline\" ><a href='https:\/\/emser.es\/en\/portfolio-item\/red-pol-hotel-montarto-baqueira\/' title='Red POL hotel Montarto Baqueira.'>Red POL hotel Montarto Baqueira.<\/a><\/h3><\/header><\/div><footer class=\"entry-footer\"><\/footer><\/article><\/div><div data-ajax-id='5255' class='grid-entry flex_column isotope-item all_sort no_margin post-entry post-entry-5255 grid-entry-overview grid-loop-11 grid-parity-odd  casos-de-exito_sort telecomunicaciones_sort  av_one_third  default_av_fullwidth'><article class='main_color inner-entry'  itemscope=\"itemscope\" itemtype=\"https:\/\/schema.org\/CreativeWork\" ><a href='https:\/\/emser.es\/en\/portfolio-item\/auditorias-eficiencia-oba-orange\/' title='Auditor\u00edas eficiencia oba Orange.'  data-rel='grid-1' class='grid-image avia-hover-fx'><noscript><img width=\"495\" height=\"400\" src=\"https:\/\/emser.es\/wp-content\/uploads\/2019\/06\/AGG4-495x400.jpg\" class=\"attachment-portfolio size-portfolio wp-post-image\" alt loading=\"lazy\" srcset=\"https:\/\/emser.es\/wp-content\/uploads\/2019\/06\/AGG4-495x400.jpg 495w, https:\/\/emser.es\/wp-content\/uploads\/2019\/06\/AGG4-845x684.jpg 845w\" sizes=\"(max-width: 495px) 100vw, 495px\"><\/noscript><img width=\"495\" height=\"400\" src=\"data:image\/svg+xml,%3Csvg%20xmlns%3D%22http%3A%2F%2Fwww.w3.org%2F2000%2Fsvg%22%20viewBox%3D%220%200%20495%20400%22%3E%3C%2Fsvg%3E\" class=\"attachment-portfolio size-portfolio wp-post-image lazyload\" alt loading=\"lazy\" srcset=\"data:image\/svg+xml,%3Csvg%20xmlns%3D%22http%3A%2F%2Fwww.w3.org%2F2000%2Fsvg%22%20viewBox%3D%220%200%20495%20400%22%3E%3C%2Fsvg%3E 495w\" sizes=\"(max-width: 495px) 100vw, 495px\" data-srcset=\"https:\/\/emser.es\/wp-content\/uploads\/2019\/06\/AGG4-495x400.jpg 495w, https:\/\/emser.es\/wp-content\/uploads\/2019\/06\/AGG4-845x684.jpg 845w\" data-src=\"https:\/\/emser.es\/wp-content\/uploads\/2019\/06\/AGG4-495x400.jpg\"><\/a><div class='grid-content'><div class='avia-arrow'><\/div><header class=\"entry-content-header\"><h3 class='grid-entry-title entry-title'  itemprop=\"headline\" ><a href='https:\/\/emser.es\/en\/portfolio-item\/auditorias-eficiencia-oba-orange\/' title='Auditor\u00edas eficiencia oba Orange.'>Auditor\u00edas eficiencia oba Orange.<\/a><\/h3><\/header><\/div><footer class=\"entry-footer\"><\/footer><\/article><\/div><div data-ajax-id='5052' class='grid-entry flex_column isotope-item all_sort no_margin post-entry post-entry-5052 grid-entry-overview grid-loop-12 grid-parity-even  casos-de-exito_sort industrial_sort  av_one_third  default_av_fullwidth'><article class='main_color inner-entry'  itemscope=\"itemscope\" itemtype=\"https:\/\/schema.org\/CreativeWork\" ><a href='https:\/\/emser.es\/en\/portfolio-item\/diseno-e-implantacion-de-sais-para-dotar-alimentacion-segura-a-armarios-de-exterior-vodafone\/' title='Dise\u00f1o e implantaci\u00f3n de sai para dotar de alimentaci\u00f3n segura a armarios de exterior Vodafone.'  data-rel='grid-1' class='grid-image avia-hover-fx'><noscript><img width=\"495\" height=\"400\" src=\"https:\/\/emser.es\/wp-content\/uploads\/2018\/11\/Vodafone1-495x400.jpg\" class=\"attachment-portfolio size-portfolio wp-post-image\" alt loading=\"lazy\" srcset=\"https:\/\/emser.es\/wp-content\/uploads\/2018\/11\/Vodafone1-495x400.jpg 495w, https:\/\/emser.es\/wp-content\/uploads\/2018\/11\/Vodafone1-845x684.jpg 845w\" sizes=\"(max-width: 495px) 100vw, 495px\"><\/noscript><img width=\"495\" height=\"400\" src=\"data:image\/svg+xml,%3Csvg%20xmlns%3D%22http%3A%2F%2Fwww.w3.org%2F2000%2Fsvg%22%20viewBox%3D%220%200%20495%20400%22%3E%3C%2Fsvg%3E\" class=\"attachment-portfolio size-portfolio wp-post-image lazyload\" alt loading=\"lazy\" srcset=\"data:image\/svg+xml,%3Csvg%20xmlns%3D%22http%3A%2F%2Fwww.w3.org%2F2000%2Fsvg%22%20viewBox%3D%220%200%20495%20400%22%3E%3C%2Fsvg%3E 495w\" sizes=\"(max-width: 495px) 100vw, 495px\" data-srcset=\"https:\/\/emser.es\/wp-content\/uploads\/2018\/11\/Vodafone1-495x400.jpg 495w, https:\/\/emser.es\/wp-content\/uploads\/2018\/11\/Vodafone1-845x684.jpg 845w\" data-src=\"https:\/\/emser.es\/wp-content\/uploads\/2018\/11\/Vodafone1-495x400.jpg\"><\/a><div class='grid-content'><div class='avia-arrow'><\/div><header class=\"entry-content-header\"><h3 class='grid-entry-title entry-title'  itemprop=\"headline\" ><a href='https:\/\/emser.es\/en\/portfolio-item\/diseno-e-implantacion-de-sais-para-dotar-alimentacion-segura-a-armarios-de-exterior-vodafone\/' title='Dise\u00f1o e implantaci\u00f3n de sai para dotar de alimentaci\u00f3n segura a armarios de exterior Vodafone.'>Dise\u00f1o e implantaci\u00f3n de sai para dotar de alimentaci\u00f3n segura a armarios de exterior Vodafone.<\/a><\/h3><\/header><\/div><footer class=\"entry-footer\"><\/footer><\/article><\/div><div data-ajax-id='5038' class='grid-entry flex_column isotope-item all_sort no_margin post-entry post-entry-5038 grid-entry-overview grid-loop-13 grid-parity-odd  casos-de-exito_sort industrial_sort infraestructuras_sort  av_one_third first default_av_fullwidth'><article class='main_color inner-entry'  itemscope=\"itemscope\" itemtype=\"https:\/\/schema.org\/CreativeWork\" ><a href='https:\/\/emser.es\/en\/portfolio-item\/implantacion-de-punto-de-recarga-de-vehiculo-electrico-en-el-hotel-vilana\/' title='Implantaci\u00f3n de punto de recarga de veh\u00edculo el\u00e9ctrico en el hotel Vilana.'  data-rel='grid-1' class='grid-image avia-hover-fx'><noscript><img width=\"495\" height=\"400\" src=\"https:\/\/emser.es\/wp-content\/uploads\/2018\/11\/Vilana1-e1542814024241-495x400.jpg\" class=\"attachment-portfolio size-portfolio wp-post-image\" alt loading=\"lazy\" srcset=\"https:\/\/emser.es\/wp-content\/uploads\/2018\/11\/Vilana1-e1542814024241-495x400.jpg 495w, https:\/\/emser.es\/wp-content\/uploads\/2018\/11\/Vilana1-e1542814024241-845x684.jpg 845w\" sizes=\"(max-width: 495px) 100vw, 495px\"><\/noscript><img width=\"495\" height=\"400\" src=\"data:image\/svg+xml,%3Csvg%20xmlns%3D%22http%3A%2F%2Fwww.w3.org%2F2000%2Fsvg%22%20viewBox%3D%220%200%20495%20400%22%3E%3C%2Fsvg%3E\" class=\"attachment-portfolio size-portfolio wp-post-image lazyload\" alt loading=\"lazy\" srcset=\"data:image\/svg+xml,%3Csvg%20xmlns%3D%22http%3A%2F%2Fwww.w3.org%2F2000%2Fsvg%22%20viewBox%3D%220%200%20495%20400%22%3E%3C%2Fsvg%3E 495w\" sizes=\"(max-width: 495px) 100vw, 495px\" data-srcset=\"https:\/\/emser.es\/wp-content\/uploads\/2018\/11\/Vilana1-e1542814024241-495x400.jpg 495w, https:\/\/emser.es\/wp-content\/uploads\/2018\/11\/Vilana1-e1542814024241-845x684.jpg 845w\" data-src=\"https:\/\/emser.es\/wp-content\/uploads\/2018\/11\/Vilana1-e1542814024241-495x400.jpg\"><\/a><div class='grid-content'><div class='avia-arrow'><\/div><header class=\"entry-content-header\"><h3 class='grid-entry-title entry-title'  itemprop=\"headline\" ><a href='https:\/\/emser.es\/en\/portfolio-item\/implantacion-de-punto-de-recarga-de-vehiculo-electrico-en-el-hotel-vilana\/' title='Implantaci\u00f3n de punto de recarga de veh\u00edculo el\u00e9ctrico en el hotel Vilana.'>Implantaci\u00f3n de punto de recarga de veh\u00edculo el\u00e9ctrico en el hotel Vilana.<\/a><\/h3><\/header><\/div><footer class=\"entry-footer\"><\/footer><\/article><\/div><div data-ajax-id='5000' class='grid-entry flex_column isotope-item all_sort no_margin post-entry post-entry-5000 grid-entry-overview grid-loop-14 grid-parity-even  casos-de-exito_sort industrial_sort  av_one_third  default_av_fullwidth'><article class='main_color inner-entry'  itemscope=\"itemscope\" itemtype=\"https:\/\/schema.org\/CreativeWork\" ><a href='https:\/\/emser.es\/en\/portfolio-item\/proyecto-de-implantacion-de-cabina-de-pintura-en-nave-taller-de-man\/' title='Proyecto constructivo implantaci\u00f3n de cabina de pintura en nave taller de man en la poblaci\u00f3n de Parets del Vall\u00e8s.'  data-rel='grid-1' class='grid-image avia-hover-fx'><noscript><img width=\"495\" height=\"400\" src=\"https:\/\/emser.es\/wp-content\/uploads\/2018\/11\/cabina2-495x400.jpg\" class=\"attachment-portfolio size-portfolio wp-post-image\" alt loading=\"lazy\"><\/noscript><img width=\"495\" height=\"400\" src=\"data:image\/svg+xml,%3Csvg%20xmlns%3D%22http%3A%2F%2Fwww.w3.org%2F2000%2Fsvg%22%20viewBox%3D%220%200%20495%20400%22%3E%3C%2Fsvg%3E\" class=\"attachment-portfolio size-portfolio wp-post-image lazyload\" alt loading=\"lazy\" data-src=\"https:\/\/emser.es\/wp-content\/uploads\/2018\/11\/cabina2-495x400.jpg\"><\/a><div class='grid-content'><div class='avia-arrow'><\/div><header class=\"entry-content-header\"><h3 class='grid-entry-title entry-title'  itemprop=\"headline\" ><a href='https:\/\/emser.es\/en\/portfolio-item\/proyecto-de-implantacion-de-cabina-de-pintura-en-nave-taller-de-man\/' title='Proyecto constructivo implantaci\u00f3n de cabina de pintura en nave taller de man en la poblaci\u00f3n de Parets del Vall\u00e8s.'>Proyecto constructivo implantaci\u00f3n de cabina de pintura en nave taller de man en la poblaci\u00f3n de Parets del Vall\u00e8s.<\/a><\/h3><\/header><\/div><footer class=\"entry-footer\"><\/footer><\/article><\/div><div data-ajax-id='4986' class='grid-entry flex_column isotope-item all_sort no_margin post-entry post-entry-4986 grid-entry-overview grid-loop-15 grid-parity-odd  casos-de-exito_sort telecomunicaciones_sort  av_one_third  default_av_fullwidth'><article class='main_color inner-entry'  itemscope=\"itemscope\" itemtype=\"https:\/\/schema.org\/CreativeWork\" ><a href='https:\/\/emser.es\/en\/portfolio-item\/adecuacion-y-mejora-de-infraestructuras-telco-en-centros-del-consorci-de-educacio-de-barcelona\/' title='Adecuaci\u00f3n y mejora de infraestructuras telco en centros del consorci d&#039;educaci\u00f3 de Barcelona.'  data-rel='grid-1' class='grid-image avia-hover-fx'><noscript><img width=\"495\" height=\"400\" src=\"https:\/\/emser.es\/wp-content\/uploads\/2018\/07\/20170913_104739-1-495x400.jpg\" class=\"attachment-portfolio size-portfolio wp-post-image\" alt loading=\"lazy\"><\/noscript><img width=\"495\" height=\"400\" src=\"data:image\/svg+xml,%3Csvg%20xmlns%3D%22http%3A%2F%2Fwww.w3.org%2F2000%2Fsvg%22%20viewBox%3D%220%200%20495%20400%22%3E%3C%2Fsvg%3E\" class=\"attachment-portfolio size-portfolio wp-post-image lazyload\" alt loading=\"lazy\" data-src=\"https:\/\/emser.es\/wp-content\/uploads\/2018\/07\/20170913_104739-1-495x400.jpg\"><\/a><div class='grid-content'><div class='avia-arrow'><\/div><header class=\"entry-content-header\"><h3 class='grid-entry-title entry-title'  itemprop=\"headline\" ><a href='https:\/\/emser.es\/en\/portfolio-item\/adecuacion-y-mejora-de-infraestructuras-telco-en-centros-del-consorci-de-educacio-de-barcelona\/' title='Adecuaci\u00f3n y mejora de infraestructuras telco en centros del consorci d&#039;educaci\u00f3 de Barcelona.'>Adecuaci\u00f3n y mejora de infraestructuras telco en centros del consorci d'educaci\u00f3 de Barcelona.<\/a><\/h3><\/header><\/div><footer class=\"entry-footer\"><\/footer><\/article><\/div><div data-ajax-id='4073' class='grid-entry flex_column isotope-item all_sort no_margin post-entry post-entry-4073 grid-entry-overview grid-loop-16 grid-parity-even  casos-de-exito_sort industrial_sort  av_one_third first default_av_fullwidth'><article class='main_color inner-entry'  itemscope=\"itemscope\" itemtype=\"https:\/\/schema.org\/CreativeWork\" ><a href='https:\/\/emser.es\/en\/portfolio-item\/instalacion-de-sistemas-monitorizacion-de-consumos-para-la-generalitat-de-catalunya\/' title='Instalaci\u00f3n de sistemas de monitorizaci\u00f3n de consumos para la Generalitat de Catalunya.'  data-rel='grid-1' class='grid-image avia-hover-fx'><noscript><img width=\"495\" height=\"400\" src=\"https:\/\/emser.es\/wp-content\/uploads\/2016\/12\/emser-monitorizacion-495x400.jpg\" class=\"attachment-portfolio size-portfolio wp-post-image\" alt loading=\"lazy\" srcset=\"https:\/\/emser.es\/wp-content\/uploads\/2016\/12\/emser-monitorizacion-495x400.jpg 495w, https:\/\/emser.es\/wp-content\/uploads\/2016\/12\/emser-monitorizacion-845x684.jpg 845w\" sizes=\"(max-width: 495px) 100vw, 495px\"><\/noscript><img width=\"495\" height=\"400\" src=\"data:image\/svg+xml,%3Csvg%20xmlns%3D%22http%3A%2F%2Fwww.w3.org%2F2000%2Fsvg%22%20viewBox%3D%220%200%20495%20400%22%3E%3C%2Fsvg%3E\" class=\"attachment-portfolio size-portfolio wp-post-image lazyload\" alt loading=\"lazy\" srcset=\"data:image\/svg+xml,%3Csvg%20xmlns%3D%22http%3A%2F%2Fwww.w3.org%2F2000%2Fsvg%22%20viewBox%3D%220%200%20495%20400%22%3E%3C%2Fsvg%3E 495w\" sizes=\"(max-width: 495px) 100vw, 495px\" data-srcset=\"https:\/\/emser.es\/wp-content\/uploads\/2016\/12\/emser-monitorizacion-495x400.jpg 495w, https:\/\/emser.es\/wp-content\/uploads\/2016\/12\/emser-monitorizacion-845x684.jpg 845w\" data-src=\"https:\/\/emser.es\/wp-content\/uploads\/2016\/12\/emser-monitorizacion-495x400.jpg\"><\/a><div class='grid-content'><div class='avia-arrow'><\/div><header class=\"entry-content-header\"><h3 class='grid-entry-title entry-title'  itemprop=\"headline\" ><a href='https:\/\/emser.es\/en\/portfolio-item\/instalacion-de-sistemas-monitorizacion-de-consumos-para-la-generalitat-de-catalunya\/' title='Instalaci\u00f3n de sistemas de monitorizaci\u00f3n de consumos para la Generalitat de Catalunya.'>Instalaci\u00f3n de sistemas de monitorizaci\u00f3n de consumos para la Generalitat de Catalunya.<\/a><\/h3><\/header><\/div><footer class=\"entry-footer\"><\/footer><\/article><\/div><div data-ajax-id='4877' class='grid-entry flex_column isotope-item all_sort no_margin post-entry post-entry-4877 grid-entry-overview grid-loop-17 grid-parity-odd  casos-de-exito_sort  av_one_third  default_av_fullwidth'><article class='main_color inner-entry'  itemscope=\"itemscope\" itemtype=\"https:\/\/schema.org\/CreativeWork\" ><a href='https:\/\/emser.es\/en\/portfolio-item\/mwc18\/' title='MWC18'  data-rel='grid-1' class='grid-image avia-hover-fx'><noscript><img width=\"495\" height=\"400\" src=\"https:\/\/emser.es\/wp-content\/uploads\/2016\/08\/rsz_mwc18-495x400.jpg\" class=\"attachment-portfolio size-portfolio wp-post-image\" alt loading=\"lazy\" srcset=\"https:\/\/emser.es\/wp-content\/uploads\/2016\/08\/rsz_mwc18-495x400.jpg 495w, https:\/\/emser.es\/wp-content\/uploads\/2016\/08\/rsz_mwc18-845x684.jpg 845w\" sizes=\"(max-width: 495px) 100vw, 495px\"><\/noscript><img width=\"495\" height=\"400\" src=\"data:image\/svg+xml,%3Csvg%20xmlns%3D%22http%3A%2F%2Fwww.w3.org%2F2000%2Fsvg%22%20viewBox%3D%220%200%20495%20400%22%3E%3C%2Fsvg%3E\" class=\"attachment-portfolio size-portfolio wp-post-image lazyload\" alt loading=\"lazy\" srcset=\"data:image\/svg+xml,%3Csvg%20xmlns%3D%22http%3A%2F%2Fwww.w3.org%2F2000%2Fsvg%22%20viewBox%3D%220%200%20495%20400%22%3E%3C%2Fsvg%3E 495w\" sizes=\"(max-width: 495px) 100vw, 495px\" data-srcset=\"https:\/\/emser.es\/wp-content\/uploads\/2016\/08\/rsz_mwc18-495x400.jpg 495w, https:\/\/emser.es\/wp-content\/uploads\/2016\/08\/rsz_mwc18-845x684.jpg 845w\" data-src=\"https:\/\/emser.es\/wp-content\/uploads\/2016\/08\/rsz_mwc18-495x400.jpg\"><\/a><div class='grid-content'><div class='avia-arrow'><\/div><header class=\"entry-content-header\"><h3 class='grid-entry-title entry-title'  itemprop=\"headline\" ><a href='https:\/\/emser.es\/en\/portfolio-item\/mwc18\/' title='MWC18'>MWC18<\/a><\/h3><\/header><\/div><footer class=\"entry-footer\"><\/footer><\/article><\/div><div data-ajax-id='236' class='grid-entry flex_column isotope-item all_sort no_margin post-entry post-entry-236 grid-entry-overview grid-loop-18 grid-parity-even  casos-de-exito_sort  av_one_third  default_av_fullwidth'><article class='main_color inner-entry'  itemscope=\"itemscope\" itemtype=\"https:\/\/schema.org\/CreativeWork\" ><a href='https:\/\/emser.es\/en\/portfolio-item\/gda-app-emser-barcelona\/' title='GDA: Gestor documental as-built en los proyectos de FTTH de Alcatel-Lucent'  data-rel='grid-1' class='grid-image avia-hover-fx'><noscript><img width=\"495\" height=\"400\" src=\"https:\/\/emser.es\/wp-content\/uploads\/2015\/12\/O9VW1X0-495x400.jpg\" class=\"attachment-portfolio size-portfolio wp-post-image\" alt loading=\"lazy\" srcset=\"https:\/\/emser.es\/wp-content\/uploads\/2015\/12\/O9VW1X0-495x400.jpg 495w, https:\/\/emser.es\/wp-content\/uploads\/2015\/12\/O9VW1X0-845x684.jpg 845w\" sizes=\"(max-width: 495px) 100vw, 495px\"><\/noscript><img width=\"495\" height=\"400\" src=\"data:image\/svg+xml,%3Csvg%20xmlns%3D%22http%3A%2F%2Fwww.w3.org%2F2000%2Fsvg%22%20viewBox%3D%220%200%20495%20400%22%3E%3C%2Fsvg%3E\" class=\"attachment-portfolio size-portfolio wp-post-image lazyload\" alt loading=\"lazy\" srcset=\"data:image\/svg+xml,%3Csvg%20xmlns%3D%22http%3A%2F%2Fwww.w3.org%2F2000%2Fsvg%22%20viewBox%3D%220%200%20495%20400%22%3E%3C%2Fsvg%3E 495w\" sizes=\"(max-width: 495px) 100vw, 495px\" data-srcset=\"https:\/\/emser.es\/wp-content\/uploads\/2015\/12\/O9VW1X0-495x400.jpg 495w, https:\/\/emser.es\/wp-content\/uploads\/2015\/12\/O9VW1X0-845x684.jpg 845w\" data-src=\"https:\/\/emser.es\/wp-content\/uploads\/2015\/12\/O9VW1X0-495x400.jpg\"><\/a><div class='grid-content'><div class='avia-arrow'><\/div><header class=\"entry-content-header\"><h3 class='grid-entry-title entry-title'  itemprop=\"headline\" ><a href='https:\/\/emser.es\/en\/portfolio-item\/gda-app-emser-barcelona\/' title='GDA: Gestor documental as-built en los proyectos de FTTH de Alcatel-Lucent'>GDA: Gestor documental as-built en los proyectos de FTTH de Alcatel-Lucent<\/a><\/h3><\/header><\/div><footer class=\"entry-footer\"><\/footer><\/article><\/div><div data-ajax-id='4064' class='grid-entry flex_column isotope-item all_sort no_margin post-entry post-entry-4064 grid-entry-overview grid-loop-19 grid-parity-odd  casos-de-exito_sort  av_one_third first default_av_fullwidth'><article class='main_color inner-entry'  itemscope=\"itemscope\" itemtype=\"https:\/\/schema.org\/CreativeWork\" ><a href='https:\/\/emser.es\/en\/portfolio-item\/malla-fotonica-regional-de-telefonica\/' title='Malla Fotonica Regional de Telefonica'  data-rel='grid-1' class='grid-image avia-hover-fx'><noscript><img width=\"495\" height=\"400\" src=\"https:\/\/emser.es\/wp-content\/uploads\/2016\/12\/EMSER-MFR-2-e1481808373677-2-495x400.jpg\" class=\"attachment-portfolio size-portfolio wp-post-image\" alt loading=\"lazy\" srcset=\"https:\/\/emser.es\/wp-content\/uploads\/2016\/12\/EMSER-MFR-2-e1481808373677-2-495x400.jpg 495w, https:\/\/emser.es\/wp-content\/uploads\/2016\/12\/EMSER-MFR-2-e1481808373677-2-845x684.jpg 845w\" sizes=\"(max-width: 495px) 100vw, 495px\"><\/noscript><img width=\"495\" height=\"400\" src=\"data:image\/svg+xml,%3Csvg%20xmlns%3D%22http%3A%2F%2Fwww.w3.org%2F2000%2Fsvg%22%20viewBox%3D%220%200%20495%20400%22%3E%3C%2Fsvg%3E\" class=\"attachment-portfolio size-portfolio wp-post-image lazyload\" alt loading=\"lazy\" srcset=\"data:image\/svg+xml,%3Csvg%20xmlns%3D%22http%3A%2F%2Fwww.w3.org%2F2000%2Fsvg%22%20viewBox%3D%220%200%20495%20400%22%3E%3C%2Fsvg%3E 495w\" sizes=\"(max-width: 495px) 100vw, 495px\" data-srcset=\"https:\/\/emser.es\/wp-content\/uploads\/2016\/12\/EMSER-MFR-2-e1481808373677-2-495x400.jpg 495w, https:\/\/emser.es\/wp-content\/uploads\/2016\/12\/EMSER-MFR-2-e1481808373677-2-845x684.jpg 845w\" data-src=\"https:\/\/emser.es\/wp-content\/uploads\/2016\/12\/EMSER-MFR-2-e1481808373677-2-495x400.jpg\"><\/a><div class='grid-content'><div class='avia-arrow'><\/div><header class=\"entry-content-header\"><h3 class='grid-entry-title entry-title'  itemprop=\"headline\" ><a href='https:\/\/emser.es\/en\/portfolio-item\/malla-fotonica-regional-de-telefonica\/' title='Malla Fotonica Regional de Telefonica'>Malla Fotonica Regional de Telefonica<\/a><\/h3><\/header><\/div><footer class=\"entry-footer\"><\/footer><\/article><\/div><div data-ajax-id='3757' class='grid-entry flex_column isotope-item all_sort no_margin post-entry post-entry-3757 grid-entry-overview grid-loop-20 grid-parity-even  casos-de-exito_sort  av_one_third  default_av_fullwidth'><article class='main_color inner-entry'  itemscope=\"itemscope\" itemtype=\"https:\/\/schema.org\/CreativeWork\" ><a href='https:\/\/emser.es\/en\/portfolio-item\/despliegue-oba-telefonica-emser-barcelona\/' title='Despliegue OBA Telefonica'  data-rel='grid-1' class='grid-image avia-hover-fx'><noscript><img width=\"495\" height=\"400\" src=\"https:\/\/emser.es\/wp-content\/uploads\/2014\/02\/datacenter-495x400.jpg\" class=\"attachment-portfolio size-portfolio wp-post-image\" alt loading=\"lazy\"><\/noscript><img width=\"495\" height=\"400\" src=\"data:image\/svg+xml,%3Csvg%20xmlns%3D%22http%3A%2F%2Fwww.w3.org%2F2000%2Fsvg%22%20viewBox%3D%220%200%20495%20400%22%3E%3C%2Fsvg%3E\" class=\"attachment-portfolio size-portfolio wp-post-image lazyload\" alt loading=\"lazy\" data-src=\"https:\/\/emser.es\/wp-content\/uploads\/2014\/02\/datacenter-495x400.jpg\"><\/a><div class='grid-content'><div class='avia-arrow'><\/div><header class=\"entry-content-header\"><h3 class='grid-entry-title entry-title'  itemprop=\"headline\" ><a href='https:\/\/emser.es\/en\/portfolio-item\/despliegue-oba-telefonica-emser-barcelona\/' title='Despliegue OBA Telefonica'>Despliegue OBA Telefonica<\/a><\/h3><\/header><\/div><footer class=\"entry-footer\"><\/footer><\/article><\/div><div data-ajax-id='3874' class='grid-entry flex_column isotope-item all_sort no_margin post-entry post-entry-3874 grid-entry-overview grid-loop-21 grid-parity-odd  casos-de-exito_sort  av_one_third  default_av_fullwidth'><article class='main_color inner-entry'  itemscope=\"itemscope\" itemtype=\"https:\/\/schema.org\/CreativeWork\" ><a href='https:\/\/emser.es\/en\/portfolio-item\/instalaciones-climatizacion-ajuntament-barcelona\/' title='Obras de instalaci\u00f3n de la producci\u00f3n de calor y fr\u00edo, con recuperaci\u00f3n de calor para el Ajuntament de Barcelona'  data-rel='grid-1' class='grid-image avia-hover-fx'><noscript><img width=\"495\" height=\"400\" src=\"https:\/\/emser.es\/wp-content\/uploads\/2016\/09\/Ajuntament-Barcelona-495x400.jpg\" class=\"attachment-portfolio size-portfolio wp-post-image\" alt loading=\"lazy\" srcset=\"https:\/\/emser.es\/wp-content\/uploads\/2016\/09\/Ajuntament-Barcelona-495x400.jpg 495w, https:\/\/emser.es\/wp-content\/uploads\/2016\/09\/Ajuntament-Barcelona-845x684.jpg 845w\" sizes=\"(max-width: 495px) 100vw, 495px\"><\/noscript><img width=\"495\" height=\"400\" src=\"data:image\/svg+xml,%3Csvg%20xmlns%3D%22http%3A%2F%2Fwww.w3.org%2F2000%2Fsvg%22%20viewBox%3D%220%200%20495%20400%22%3E%3C%2Fsvg%3E\" class=\"attachment-portfolio size-portfolio wp-post-image lazyload\" alt loading=\"lazy\" srcset=\"data:image\/svg+xml,%3Csvg%20xmlns%3D%22http%3A%2F%2Fwww.w3.org%2F2000%2Fsvg%22%20viewBox%3D%220%200%20495%20400%22%3E%3C%2Fsvg%3E 495w\" sizes=\"(max-width: 495px) 100vw, 495px\" data-srcset=\"https:\/\/emser.es\/wp-content\/uploads\/2016\/09\/Ajuntament-Barcelona-495x400.jpg 495w, https:\/\/emser.es\/wp-content\/uploads\/2016\/09\/Ajuntament-Barcelona-845x684.jpg 845w\" data-src=\"https:\/\/emser.es\/wp-content\/uploads\/2016\/09\/Ajuntament-Barcelona-495x400.jpg\"><\/a><div class='grid-content'><div class='avia-arrow'><\/div><header class=\"entry-content-header\"><h3 class='grid-entry-title entry-title'  itemprop=\"headline\" ><a href='https:\/\/emser.es\/en\/portfolio-item\/instalaciones-climatizacion-ajuntament-barcelona\/' title='Obras de instalaci\u00f3n de la producci\u00f3n de calor y fr\u00edo, con recuperaci\u00f3n de calor para el Ajuntament de Barcelona'>Obras de instalaci\u00f3n de la producci\u00f3n de calor y fr\u00edo, con recuperaci\u00f3n de calor para el Ajuntament de Barcelona<\/a><\/h3><\/header><\/div><footer class=\"entry-footer\"><\/footer><\/article><\/div><div data-ajax-id='4031' class='grid-entry flex_column isotope-item all_sort no_margin post-entry post-entry-4031 grid-entry-overview grid-loop-22 grid-parity-even  casos-de-exito_sort  av_one_third first default_av_fullwidth'><article class='main_color inner-entry'  itemscope=\"itemscope\" itemtype=\"https:\/\/schema.org\/CreativeWork\" ><a href='https:\/\/emser.es\/en\/portfolio-item\/iot-solutions-world-congress\/' title='IOT Solutions World Congress'  data-rel='grid-1' class='grid-image avia-hover-fx'><noscript><img width=\"495\" height=\"400\" src=\"https:\/\/emser.es\/wp-content\/uploads\/2016\/10\/expo2-495x400.jpg\" class=\"attachment-portfolio size-portfolio wp-post-image\" alt loading=\"lazy\" srcset=\"https:\/\/emser.es\/wp-content\/uploads\/2016\/10\/expo2-495x400.jpg 495w, https:\/\/emser.es\/wp-content\/uploads\/2016\/10\/expo2-845x684.jpg 845w\" sizes=\"(max-width: 495px) 100vw, 495px\"><\/noscript><img width=\"495\" height=\"400\" src=\"data:image\/svg+xml,%3Csvg%20xmlns%3D%22http%3A%2F%2Fwww.w3.org%2F2000%2Fsvg%22%20viewBox%3D%220%200%20495%20400%22%3E%3C%2Fsvg%3E\" class=\"attachment-portfolio size-portfolio wp-post-image lazyload\" alt loading=\"lazy\" srcset=\"data:image\/svg+xml,%3Csvg%20xmlns%3D%22http%3A%2F%2Fwww.w3.org%2F2000%2Fsvg%22%20viewBox%3D%220%200%20495%20400%22%3E%3C%2Fsvg%3E 495w\" sizes=\"(max-width: 495px) 100vw, 495px\" data-srcset=\"https:\/\/emser.es\/wp-content\/uploads\/2016\/10\/expo2-495x400.jpg 495w, https:\/\/emser.es\/wp-content\/uploads\/2016\/10\/expo2-845x684.jpg 845w\" data-src=\"https:\/\/emser.es\/wp-content\/uploads\/2016\/10\/expo2-495x400.jpg\"><\/a><div class='grid-content'><div class='avia-arrow'><\/div><header class=\"entry-content-header\"><h3 class='grid-entry-title entry-title'  itemprop=\"headline\" ><a href='https:\/\/emser.es\/en\/portfolio-item\/iot-solutions-world-congress\/' title='IOT Solutions World Congress'>IOT Solutions World Congress<\/a><\/h3><\/header><\/div><footer class=\"entry-footer\"><\/footer><\/article><\/div><div data-ajax-id='3748' class='grid-entry flex_column isotope-item all_sort no_margin post-entry post-entry-3748 grid-entry-overview grid-loop-23 grid-parity-odd  post-entry-last  casos-de-exito_sort  av_one_third  default_av_fullwidth'><article class='main_color inner-entry'  itemscope=\"itemscope\" itemtype=\"https:\/\/schema.org\/CreativeWork\" ><a href='https:\/\/emser.es\/en\/portfolio-item\/orange-last-mile-emser-barcelona\/' title='Orange Last Mile'  data-rel='grid-1' class='grid-image avia-hover-fx'><noscript><img width=\"495\" height=\"400\" src=\"https:\/\/emser.es\/wp-content\/uploads\/2016\/08\/OAV9NF0-495x400.jpg\" class=\"attachment-portfolio size-portfolio wp-post-image\" alt loading=\"lazy\" srcset=\"https:\/\/emser.es\/wp-content\/uploads\/2016\/08\/OAV9NF0-495x400.jpg 495w, https:\/\/emser.es\/wp-content\/uploads\/2016\/08\/OAV9NF0-845x684.jpg 845w\" sizes=\"(max-width: 495px) 100vw, 495px\"><\/noscript><img width=\"495\" height=\"400\" src=\"data:image\/svg+xml,%3Csvg%20xmlns%3D%22http%3A%2F%2Fwww.w3.org%2F2000%2Fsvg%22%20viewBox%3D%220%200%20495%20400%22%3E%3C%2Fsvg%3E\" class=\"attachment-portfolio size-portfolio wp-post-image lazyload\" alt loading=\"lazy\" srcset=\"data:image\/svg+xml,%3Csvg%20xmlns%3D%22http%3A%2F%2Fwww.w3.org%2F2000%2Fsvg%22%20viewBox%3D%220%200%20495%20400%22%3E%3C%2Fsvg%3E 495w\" sizes=\"(max-width: 495px) 100vw, 495px\" data-srcset=\"https:\/\/emser.es\/wp-content\/uploads\/2016\/08\/OAV9NF0-495x400.jpg 495w, https:\/\/emser.es\/wp-content\/uploads\/2016\/08\/OAV9NF0-845x684.jpg 845w\" data-src=\"https:\/\/emser.es\/wp-content\/uploads\/2016\/08\/OAV9NF0-495x400.jpg\"><\/a><div class='grid-content'><div class='avia-arrow'><\/div><header class=\"entry-content-header\"><h3 class='grid-entry-title entry-title'  itemprop=\"headline\" ><a href='https:\/\/emser.es\/en\/portfolio-item\/orange-last-mile-emser-barcelona\/' title='Orange Last Mile'>Orange Last Mile<\/a><\/h3><\/header><\/div><footer class=\"entry-footer\"><\/footer><\/article><\/div><\/div><br \/>\n<div class='avia-button-wrap avia-button-center'><a href='https:\/\/emser.es\/en\/' class='avia-button   avia-icon_select-yes-right-icon avia-color-custom avia-size-x-large avia-position-center'  style='background-color:#6786a1; border-color:#6786a1; color:#ffffff; ' ><span class='avia_iconbox_title' >Volver a la p\u00e1gina principal<\/span><span class='avia_button_icon avia_button_icon_right' aria-hidden='true' data-av_icon='\ue820' data-av_iconfont='entypo-fontello'><\/span><\/a><\/div><\/p>\n<\/div><\/div><\/div>","protected":false},"excerpt":{"rendered":"","protected":false},"author":1,"featured_media":0,"parent":0,"menu_order":0,"comment_status":"closed","ping_status":"closed","template":"","meta":[],"_links":{"self":[{"href":"https:\/\/emser.es\/en\/wp-json\/wp\/v2\/pages\/3898"}],"collection":[{"href":"https:\/\/emser.es\/en\/wp-json\/wp\/v2\/pages"}],"about":[{"href":"https:\/\/emser.es\/en\/wp-json\/wp\/v2\/types\/page"}],"author":[{"embeddable":true,"href":"https:\/\/emser.es\/en\/wp-json\/wp\/v2\/users\/1"}],"replies":[{"embeddable":true,"href":"https:\/\/emser.es\/en\/wp-json\/wp\/v2\/comments?post=3898"}],"version-history":[{"count":17,"href":"https:\/\/emser.es\/en\/wp-json\/wp\/v2\/pages\/3898\/revisions"}],"predecessor-version":[{"id":6372,"href":"https:\/\/emser.es\/en\/wp-json\/wp\/v2\/pages\/3898\/revisions\/6372"}],"wp:attachment":[{"href":"https:\/\/emser.es\/en\/wp-json\/wp\/v2\/media?parent=3898"}],"curies":[{"name":"wp","href":"https:\/\/api.w.org\/{rel}","templated":true}]}}